{"id":186,"date":"2018-11-26T10:17:53","date_gmt":"2018-11-26T15:17:53","guid":{"rendered":"http:\/\/192.168.231.90\/bandesarrollo\/?page_id=186"},"modified":"2019-11-28T11:45:43","modified_gmt":"2019-11-28T16:45:43","slug":"finanzas-climaticas","status":"publish","type":"page","link":"https:\/\/www.bancodesarrollo.fin.ec\/index.php\/finanzas-climaticas\/","title":{"rendered":"Finanzas Clim\u00e1ticas"},"content":{"rendered":"<p>[et_pb_section fb_built=\u00bb1&#8243; _builder_version=\u00bb4.0.5&#8243; background_image=\u00bbhttps:\/\/www.bancodesarrollo.fin.ec\/wp-content\/uploads\/2019\/03\/climaticos.png\u00bb background_size=\u00bbinitial\u00bb custom_padding=\u00bb2px|0px|70px|0px|false|false\u00bb hover_enabled=\u00bb0&#8243;][et_pb_row column_structure=\u00bb1_3,2_3&#8243; _builder_version=\u00bb3.25&#8243;][et_pb_column type=\u00bb1_3&#8243; _builder_version=\u00bb3.25&#8243; custom_padding=\u00bb|||\u00bb custom_padding__hover=\u00bb|||\u00bb][\/et_pb_column][et_pb_column type=\u00bb2_3&#8243; _builder_version=\u00bb3.25&#8243; custom_padding=\u00bb|||\u00bb custom_padding__hover=\u00bb|||\u00bb][\/et_pb_column][\/et_pb_row][\/et_pb_section][et_pb_section fb_built=\u00bb1&#8243; _builder_version=\u00bb3.22&#8243; background_color=\u00bb#0076c0&#8243; custom_padding=\u00bb0|0px|54px|0px|false|false\u00bb][et_pb_row _builder_version=\u00bb3.25&#8243; custom_padding=\u00bb53px|0px|6px|0px|false|false\u00bb][et_pb_column type=\u00bb4_4&#8243; _builder_version=\u00bb3.25&#8243; custom_padding=\u00bb|||\u00bb custom_padding__hover=\u00bb|||\u00bb][et_pb_text _builder_version=\u00bb3.27.4&#8243; text_font=\u00bbPoppins||||||||\u00bb text_text_color=\u00bb#ffffff\u00bb text_font_size=\u00bb17px\u00bb]<\/p>\n<p style=\"text-align: justify;\">Este importante evento es el primero que se organiza en el tema de Finanzas Clim\u00e1ticas en Ecuador y es especialmente relevante porque busca\u00a0sensibilizar a las Entidades Financieras Locales y las Organizaciones de la Econom\u00eda Popular y Solidaria sobre el rol fundamental que est\u00e1n llamadas a\u00a0desempe\u00f1ar frente a los inminentes efectos del cambio clim\u00e1tico en el pa\u00eds, as\u00ed como difundir las oportunidades existentes de vincularse a los\u00a0mecanismos de financiamiento clim\u00e1tico, de manera que puedan ofrecer innovadores productos y servicios denominados \u201cverdes\u201d al servicio de las\u00a0comunidades m\u00e1s vulnerables.<\/p>\n<p style=\"text-align: justify;\">El foro pretende ser un espacio a trav\u00e9s del cual se fortalezca los conocimientos de las instituciones en el tema -a trav\u00e9s de la presentaci\u00f3n de\u00a0experiencias avanzadas de pa\u00edses vecinos y de interesantes iniciativas que est\u00e1n siendo desarrolladas a nivel local en Ecuador-, as\u00ed como un encuentro\u00a0en el que las Entidades Financieras Locales y las Organizaciones de Econom\u00eda Popular y Solidaria puedan reflexionar de manera conjunta y priorizar\u00a0algunas acciones que desean impulsar colectivamente para aportar al desarrollo sostenible de sus territorios.<\/p>\n<p>[\/et_pb_text][et_pb_divider show_divider=\u00bboff\u00bb _builder_version=\u00bb3.21&#8243; height=\u00bb47px\u00bb][\/et_pb_divider][\/et_pb_column][\/et_pb_row][et_pb_row column_structure=\u00bb1_5,1_5,1_5,1_5,1_5&#8243; _builder_version=\u00bb3.25&#8243;][et_pb_column type=\u00bb1_5&#8243; _builder_version=\u00bb3.25&#8243; custom_padding=\u00bb|||\u00bb custom_padding__hover=\u00bb|||\u00bb][et_pb_button button_text=\u00bbInformaci\u00f3n del Foro\u00bb button_alignment=\u00bbcenter\u00bb _builder_version=\u00bb4.0.5&#8243; custom_button=\u00bbon\u00bb button_text_color=\u00bb#0076c0&#8243; button_bg_color=\u00bb#ffffff\u00bb button_border_color=\u00bb#0076c0&#8243; button_font=\u00bbPoppins|300|||||||\u00bb button_icon=\u00bb%%24%%\u00bb button_icon_color=\u00bb#0076c0&#8243;][\/et_pb_button][\/et_pb_column][et_pb_column type=\u00bb1_5&#8243; _builder_version=\u00bb3.25&#8243; custom_padding=\u00bb|||\u00bb custom_padding__hover=\u00bb|||\u00bb][et_pb_button button_text=\u00bbPresentaciones d\u00eda 1&#8243; button_alignment=\u00bbcenter\u00bb _builder_version=\u00bb4.0.5&#8243; custom_button=\u00bbon\u00bb button_text_color=\u00bb#0076c0&#8243; button_bg_color=\u00bb#ffffff\u00bb button_border_color=\u00bb#0076c0&#8243; button_font=\u00bb||||||||\u00bb button_icon=\u00bb%%24%%\u00bb button_icon_color=\u00bb#0076c0&#8243; locked=\u00bboff\u00bb][\/et_pb_button][\/et_pb_column][et_pb_column type=\u00bb1_5&#8243; _builder_version=\u00bb3.25&#8243; custom_padding=\u00bb|||\u00bb custom_padding__hover=\u00bb|||\u00bb][et_pb_button button_text=\u00bbPresentaciones d\u00eda 2&#8243; button_alignment=\u00bbcenter\u00bb _builder_version=\u00bb3.21&#8243; custom_button=\u00bbon\u00bb button_text_color=\u00bb#0076c0&#8243; button_bg_color=\u00bb#ffffff\u00bb button_border_color=\u00bb#0076c0&#8243; button_font=\u00bb||||||||\u00bb button_icon=\u00bb%%24%%\u00bb button_icon_color=\u00bb#0076c0&#8243; locked=\u00bboff\u00bb][\/et_pb_button][\/et_pb_column][et_pb_column type=\u00bb1_5&#8243; _builder_version=\u00bb3.25&#8243; custom_padding=\u00bb|||\u00bb custom_padding__hover=\u00bb|||\u00bb][et_pb_button button_text=\u00bbRiobamba\u00bb button_alignment=\u00bbcenter\u00bb _builder_version=\u00bb4.0.5&#8243; custom_button=\u00bbon\u00bb button_text_color=\u00bb#0076c0&#8243; button_bg_color=\u00bb#ffffff\u00bb button_border_color=\u00bb#0076c0&#8243; button_font=\u00bb||||||||\u00bb button_icon=\u00bb%%24%%\u00bb button_icon_color=\u00bb#0076c0&#8243; locked=\u00bboff\u00bb][\/et_pb_button][\/et_pb_column][et_pb_column type=\u00bb1_5&#8243; _builder_version=\u00bb3.25&#8243; custom_padding=\u00bb|||\u00bb custom_padding__hover=\u00bb|||\u00bb][et_pb_button button_text=\u00bbCuenca\u00bb button_alignment=\u00bbcenter\u00bb _builder_version=\u00bb3.21&#8243; custom_button=\u00bbon\u00bb button_text_color=\u00bb#0076c0&#8243; button_bg_color=\u00bb#ffffff\u00bb button_border_color=\u00bb#0076c0&#8243; button_font=\u00bb||||||||\u00bb button_icon=\u00bb%%24%%\u00bb button_icon_color=\u00bb#0076c0&#8243; locked=\u00bboff\u00bb][\/et_pb_button][\/et_pb_column][\/et_pb_row][\/et_pb_section][et_pb_section fb_built=\u00bb1&#8243; admin_label=\u00bbSection\u00bb _builder_version=\u00bb3.8&#8243; background_color=\u00bb#ededed\u00bb custom_padding=\u00bb0px||0px|\u00bb transparent_background=\u00bboff\u00bb padding_mobile=\u00bbon\u00bb global_module=\u00bb3916&#8243; collapsed=\u00bbon\u00bb][et_pb_row column_structure=\u00bb1_4,1_4,1_4,1_4&#8243; use_custom_gutter=\u00bbon\u00bb gutter_width=\u00bb2&#8243; column_padding_mobile=\u00bbon\u00bb admin_label=\u00bbRow\u00bb _builder_version=\u00bb3.25&#8243; background_size=\u00bbinitial\u00bb background_position=\u00bbtop_left\u00bb background_repeat=\u00bbrepeat\u00bb custom_padding=\u00bb28px||15px||false|false\u00bb][et_pb_column type=\u00bb1_4&#8243; _builder_version=\u00bb3.25&#8243; custom_padding=\u00bb|||\u00bb custom_padding__hover=\u00bb|||\u00bb][et_pb_text admin_label=\u00bbText\u00bb _builder_version=\u00bb3.27.4&#8243; text_font=\u00bbPoppins||||||||\u00bb text_text_color=\u00bb#666666&#8243; text_font_size=\u00bb19px\u00bb text_line_height=\u00bb1.4em\u00bb header_font=\u00bb||||||||\u00bb header_2_font=\u00bb||||||||\u00bb background_size=\u00bbinitial\u00bb background_position=\u00bbtop_left\u00bb background_repeat=\u00bbrepeat\u00bb custom_margin=\u00bb||8px|\u00bb custom_css_main_element=\u00bbfont-weight: 900;\u00bb use_border_color=\u00bboff\u00bb border_color=\u00bb#ffffff\u00bb border_style=\u00bbsolid\u00bb]<\/p>\n<p>Contacto<\/p>\n<p>[\/et_pb_text][et_pb_text admin_label=\u00bbText\u00bb _builder_version=\u00bb3.27.4&#8243; text_font=\u00bbActor||||||||\u00bb text_text_color=\u00bb#005aa6&#8243; text_font_size=\u00bb16&#8243; text_line_height=\u00bb1em\u00bb background_size=\u00bbinitial\u00bb background_position=\u00bbtop_left\u00bb background_repeat=\u00bbrepeat\u00bb custom_margin=\u00bb||30px|\u00bb custom_margin_tablet=\u00bb||10px|\u00bb custom_margin_phone=\u00bb\u00bb custom_margin_last_edited=\u00bbon|tablet\u00bb custom_padding=\u00bb0px|||\u00bb use_border_color=\u00bboff\u00bb border_color=\u00bb#ffffff\u00bb border_style=\u00bbsolid\u00bb]<\/p>\n<p><strong>L\u00ednea telef\u00f3nica gratuita:<\/strong><\/p>\n<p>1800 43 43 43<\/p>\n<p><strong>Direcci\u00f3n Matriz Quito:<\/strong><\/p>\n<p>Ladr\u00f3n de Guevara E13-408 y Barcelona<\/p>\n<p>[\/et_pb_text][et_pb_social_media_follow _builder_version=\u00bb3.8&#8243;][et_pb_social_media_follow_network social_network=\u00bbfacebook\u00bb url=\u00bbhttps:\/\/www.facebook.com\/bancodesarrollo\/?ref=br_rs\u00bb _builder_version=\u00bb3.8&#8243; background_color=\u00bb#3b5998&#8243; follow_button=\u00bboff\u00bb url_new_window=\u00bbon\u00bb]facebook[\/et_pb_social_media_follow_network][et_pb_social_media_follow_network social_network=\u00bbtwitter\u00bb _builder_version=\u00bb3.8&#8243; background_color=\u00bb#00aced\u00bb follow_button=\u00bboff\u00bb url_new_window=\u00bbon\u00bb]twitter[\/et_pb_social_media_follow_network][et_pb_social_media_follow_network social_network=\u00bbyoutube\u00bb _builder_version=\u00bb3.8&#8243; background_color=\u00bb#a82400&#8243; follow_button=\u00bboff\u00bb url_new_window=\u00bbon\u00bb]youtube[\/et_pb_social_media_follow_network][\/et_pb_social_media_follow][\/et_pb_column][et_pb_column type=\u00bb1_4&#8243; _builder_version=\u00bb3.25&#8243; custom_padding=\u00bb|||\u00bb custom_padding__hover=\u00bb|||\u00bb][et_pb_text admin_label=\u00bbText\u00bb _builder_version=\u00bb3.27.4&#8243; text_font=\u00bbPoppins|500|||||||\u00bb text_text_color=\u00bb#666666&#8243; text_font_size=\u00bb17px\u00bb text_line_height=\u00bb1.4em\u00bb ul_font=\u00bb||||||||\u00bb header_font=\u00bb||||||||\u00bb background_size=\u00bbinitial\u00bb background_position=\u00bbtop_left\u00bb background_repeat=\u00bbrepeat\u00bb text_orientation=\u00bbright\u00bb module_alignment=\u00bbleft\u00bb custom_margin=\u00bb|||\u00bb use_border_color=\u00bboff\u00bb border_color=\u00bb#ffffff\u00bb border_style=\u00bbsolid\u00bb]<\/p>\n<p>Informaci\u00f3n de inter\u00e9s<\/p>\n<p>[\/et_pb_text][et_pb_text admin_label=\u00bbText\u00bb _builder_version=\u00bb4.0.5&#8243; text_font=\u00bbActor||||||||\u00bb text_text_color=\u00bbrgba(0,0,0,0)\u00bb text_font_size=\u00bb15px\u00bb text_line_height=\u00bb2.2em\u00bb link_font=\u00bb||||||||\u00bb link_text_color=\u00bb#005aa6&#8243; header_font=\u00bb||||||||\u00bb background_size=\u00bbinitial\u00bb background_position=\u00bbtop_left\u00bb background_repeat=\u00bbrepeat\u00bb custom_padding=\u00bb0px|||\u00bb use_border_color=\u00bboff\u00bb border_color=\u00bb#ffffff\u00bb border_style=\u00bbsolid\u00bb]<\/p>\n<p><a href=\"http:\/\/www.bancode-educacionparalasfinanzas.com.ec\/\" target=\"_blank\" rel=\"noopener noreferrer\">Educaci\u00f3n Financiera<\/a><br \/> <a href=\"https:\/\/www.bancodesarrollo.fin.ec\/index.php\/nosotros\/\" target=\"_blank\" rel=\"noopener noreferrer\">Gobierno Corporativo<\/a><br \/> <a href=\"https:\/\/www.bancodesarrollo.fin.ec\/index.php\/transparencia\/\" target=\"_blank\" rel=\"noopener noreferrer\">Transparencia<\/a><br \/> <span style=\"color: #000000;\"><a style=\"color: #000000;\" href=\"http:\/\/fepp.org.ec\/\" target=\"_blank\" rel=\"noopener noreferrer\">FEEP<\/a><\/span><\/p>\n<p>[\/et_pb_text][\/et_pb_column][et_pb_column type=\u00bb1_4&#8243; _builder_version=\u00bb3.25&#8243; custom_padding=\u00bb|||\u00bb custom_padding__hover=\u00bb|||\u00bb][et_pb_divider divider_position=\u00bbcenter\u00bb divider_weight=\u00bb0px\u00bb _builder_version=\u00bb3.8&#8243; max_width=\u00bb0%\u00bb height=\u00bb19px\u00bb][\/et_pb_divider][et_pb_text admin_label=\u00bbText\u00bb _builder_version=\u00bb4.0.5&#8243; text_font=\u00bbActor||||||||\u00bb text_text_color=\u00bb#005aa6&#8243; text_font_size=\u00bb15px\u00bb text_line_height=\u00bb2.2em\u00bb link_font=\u00bbActor||||||||\u00bb link_text_color=\u00bb#0076c0&#8243; quote_font=\u00bb||||||||\u00bb background_size=\u00bbinitial\u00bb background_position=\u00bbtop_left\u00bb background_repeat=\u00bbrepeat\u00bb background_layout=\u00bbdark\u00bb custom_padding=\u00bb0px|||\u00bb use_border_color=\u00bboff\u00bb border_color=\u00bb#ffffff\u00bb border_style=\u00bbsolid\u00bb]<\/p>\n<p><span style=\"color: #ffffff;\"><a style=\"color: #ffffff;\" href=\"https:\/\/www.bancodesarrollo.fin.ec\/index.php\/noticias\/\" target=\"_blank\" rel=\"noopener noreferrer\">Noticias<\/a><\/span><br \/> <span style=\"color: #ffffff;\"><a style=\"color: #ffffff;\" href=\"https:\/\/www.bancodesarrollo.fin.ec\/index.php\/finanzas-climaticas\/\" target=\"_blank\" rel=\"noopener noreferrer\">Finanzas Clim\u00e1ticas<\/a><\/span><\/p>\n<p>[\/et_pb_text][\/et_pb_column][et_pb_column type=\u00bb1_4&#8243; _builder_version=\u00bb3.25&#8243; custom_padding=\u00bb|||\u00bb custom_padding__hover=\u00bb|||\u00bb][et_pb_code]<iframe src=\"https:\/\/www.google.com\/maps\/embed?pb=!1m14!1m8!1m3!1d593.085976068292!2d-78.4836533328737!3d-0.2121509853348376!3m2!1i1024!2i768!4f13.1!3m3!1m2!1s0x0%3A0x2b7783d01a950c17!2sBanco+Desarrollo!5e0!3m2!1ses-419!2sec!4v1543459227225\" width=\"250\" height=\"150\" frameborder=\"0\" style=\"border:0\" allowfullscreen><\/iframe>[\/et_pb_code][\/et_pb_column][\/et_pb_row][\/et_pb_section]<\/p>\n","protected":false},"excerpt":{"rendered":"<p>[et_pb_section fb_built=\u00bb1&#8243; _builder_version=\u00bb4.0.5&#8243; background_image=\u00bbhttps:\/\/www.bancodesarrollo.fin.ec\/wp-content\/uploads\/2019\/03\/climaticos.png\u00bb background_size=\u00bbinitial\u00bb custom_padding=\u00bb2px|0px|70px|0px|false|false\u00bb hover_enabled=\u00bb0&#8243;][et_pb_row column_structure=\u00bb1_3,2_3&#8243; _builder_version=\u00bb3.25&#8243;][et_pb_column type=\u00bb1_3&#8243; _builder_version=\u00bb3.25&#8243; custom_padding=\u00bb|||\u00bb custom_padding__hover=\u00bb|||\u00bb][\/et_pb_column][et_pb_column type=\u00bb2_3&#8243; _builder_version=\u00bb3.25&#8243; custom_padding=\u00bb|||\u00bb custom_padding__hover=\u00bb|||\u00bb][\/et_pb_column][\/et_pb_row][\/et_pb_section][et_pb_section fb_built=\u00bb1&#8243; _builder_version=\u00bb3.22&#8243; background_color=\u00bb#0076c0&#8243; custom_padding=\u00bb0|0px|54px|0px|false|false\u00bb][et_pb_row _builder_version=\u00bb3.25&#8243; custom_padding=\u00bb53px|0px|6px|0px|false|false\u00bb][et_pb_column type=\u00bb4_4&#8243; _builder_version=\u00bb3.25&#8243; custom_padding=\u00bb|||\u00bb custom_padding__hover=\u00bb|||\u00bb][et_pb_text _builder_version=\u00bb3.27.4&#8243; text_font=\u00bbPoppins||||||||\u00bb text_text_color=\u00bb#ffffff\u00bb text_font_size=\u00bb17px\u00bb] Este importante evento es el primero que se organiza en el tema de Finanzas Clim\u00e1ticas en Ecuador y es especialmente relevante porque busca\u00a0sensibilizar a [&hellip;]<\/p>\n","protected":false},"author":1,"featured_media":0,"parent":0,"menu_order":0,"comment_status":"closed","ping_status":"closed","template":"","meta":{"_et_pb_use_builder":"on","_et_pb_old_content":"","_joinchat":[],"footnotes":""},"class_list":["post-186","page","type-page","status-publish","hentry"],"yoast_head":"<!-- This site is optimized with the Yoast SEO plugin v26.6 - https:\/\/yoast.com\/wordpress\/plugins\/seo\/ -->\n<title>Finanzas Clim\u00e1ticas - Banco Desarrollo de los Pueblos<\/title>\n<meta name=\"robots\" content=\"index, follow, max-snippet:-1, max-image-preview:large, max-video-preview:-1\" \/>\n<link rel=\"canonical\" href=\"https:\/\/www.bancodesarrollo.fin.ec\/index.php\/finanzas-climaticas\/\" \/>\n<meta property=\"og:locale\" content=\"es_ES\" \/>\n<meta property=\"og:type\" content=\"article\" \/>\n<meta property=\"og:title\" content=\"Finanzas Clim\u00e1ticas - Banco Desarrollo de los Pueblos\" \/>\n<meta property=\"og:description\" content=\"[et_pb_section fb_built=\u00bb1&#8243; _builder_version=\u00bb4.0.5&#8243; background_image=\u00bbhttps:\/\/www.bancodesarrollo.fin.ec\/wp-content\/uploads\/2019\/03\/climaticos.png\u00bb background_size=\u00bbinitial\u00bb custom_padding=\u00bb2px|0px|70px|0px|false|false\u00bb hover_enabled=\u00bb0&#8243;][et_pb_row column_structure=\u00bb1_3,2_3&#8243; _builder_version=\u00bb3.25&#8243;][et_pb_column type=\u00bb1_3&#8243; _builder_version=\u00bb3.25&#8243; custom_padding=\u00bb|||\u00bb custom_padding__hover=\u00bb|||\u00bb][\/et_pb_column][et_pb_column type=\u00bb2_3&#8243; _builder_version=\u00bb3.25&#8243; custom_padding=\u00bb|||\u00bb custom_padding__hover=\u00bb|||\u00bb][\/et_pb_column][\/et_pb_row][\/et_pb_section][et_pb_section fb_built=\u00bb1&#8243; _builder_version=\u00bb3.22&#8243; background_color=\u00bb#0076c0&#8243; custom_padding=\u00bb0|0px|54px|0px|false|false\u00bb][et_pb_row _builder_version=\u00bb3.25&#8243; custom_padding=\u00bb53px|0px|6px|0px|false|false\u00bb][et_pb_column type=\u00bb4_4&#8243; _builder_version=\u00bb3.25&#8243; custom_padding=\u00bb|||\u00bb custom_padding__hover=\u00bb|||\u00bb][et_pb_text _builder_version=\u00bb3.27.4&#8243; text_font=\u00bbPoppins||||||||\u00bb text_text_color=\u00bb#ffffff\u00bb text_font_size=\u00bb17px\u00bb] Este importante evento es el primero que se organiza en el tema de Finanzas Clim\u00e1ticas en Ecuador y es especialmente relevante porque busca\u00a0sensibilizar a [&hellip;]\" \/>\n<meta property=\"og:url\" content=\"https:\/\/www.bancodesarrollo.fin.ec\/index.php\/finanzas-climaticas\/\" \/>\n<meta property=\"og:site_name\" content=\"Banco Desarrollo de los Pueblos\" \/>\n<meta property=\"article:modified_time\" content=\"2019-11-28T16:45:43+00:00\" \/>\n<meta name=\"twitter:card\" content=\"summary_large_image\" \/>\n<meta name=\"twitter:label1\" content=\"Tiempo de lectura\" \/>\n\t<meta name=\"twitter:data1\" content=\"6 minutos\" \/>\n<script type=\"application\/ld+json\" class=\"yoast-schema-graph\">{\"@context\":\"https:\/\/schema.org\",\"@graph\":[{\"@type\":\"WebPage\",\"@id\":\"https:\/\/www.bancodesarrollo.fin.ec\/index.php\/finanzas-climaticas\/\",\"url\":\"https:\/\/www.bancodesarrollo.fin.ec\/index.php\/finanzas-climaticas\/\",\"name\":\"Finanzas Clim\u00e1ticas - Banco Desarrollo de los Pueblos\",\"isPartOf\":{\"@id\":\"https:\/\/www.bancodesarrollo.fin.ec\/#website\"},\"datePublished\":\"2018-11-26T15:17:53+00:00\",\"dateModified\":\"2019-11-28T16:45:43+00:00\",\"breadcrumb\":{\"@id\":\"https:\/\/www.bancodesarrollo.fin.ec\/index.php\/finanzas-climaticas\/#breadcrumb\"},\"inLanguage\":\"es\",\"potentialAction\":[{\"@type\":\"ReadAction\",\"target\":[\"https:\/\/www.bancodesarrollo.fin.ec\/index.php\/finanzas-climaticas\/\"]}]},{\"@type\":\"BreadcrumbList\",\"@id\":\"https:\/\/www.bancodesarrollo.fin.ec\/index.php\/finanzas-climaticas\/#breadcrumb\",\"itemListElement\":[{\"@type\":\"ListItem\",\"position\":1,\"name\":\"Portada\",\"item\":\"https:\/\/www.bancodesarrollo.fin.ec\/\"},{\"@type\":\"ListItem\",\"position\":2,\"name\":\"Finanzas Clim\u00e1ticas\"}]},{\"@type\":\"WebSite\",\"@id\":\"https:\/\/www.bancodesarrollo.fin.ec\/#website\",\"url\":\"https:\/\/www.bancodesarrollo.fin.ec\/\",\"name\":\"Banco Desarrollo de los Pueblos\",\"description\":\"CODESA\",\"potentialAction\":[{\"@type\":\"SearchAction\",\"target\":{\"@type\":\"EntryPoint\",\"urlTemplate\":\"https:\/\/www.bancodesarrollo.fin.ec\/?s={search_term_string}\"},\"query-input\":{\"@type\":\"PropertyValueSpecification\",\"valueRequired\":true,\"valueName\":\"search_term_string\"}}],\"inLanguage\":\"es\"}]}<\/script>\n<!-- \/ Yoast SEO plugin. -->","yoast_head_json":{"title":"Finanzas Clim\u00e1ticas - Banco Desarrollo de los Pueblos","robots":{"index":"index","follow":"follow","max-snippet":"max-snippet:-1","max-image-preview":"max-image-preview:large","max-video-preview":"max-video-preview:-1"},"canonical":"https:\/\/www.bancodesarrollo.fin.ec\/index.php\/finanzas-climaticas\/","og_locale":"es_ES","og_type":"article","og_title":"Finanzas Clim\u00e1ticas - Banco Desarrollo de los Pueblos","og_description":"[et_pb_section fb_built=\u00bb1&#8243; _builder_version=\u00bb4.0.5&#8243; background_image=\u00bbhttps:\/\/www.bancodesarrollo.fin.ec\/wp-content\/uploads\/2019\/03\/climaticos.png\u00bb background_size=\u00bbinitial\u00bb custom_padding=\u00bb2px|0px|70px|0px|false|false\u00bb hover_enabled=\u00bb0&#8243;][et_pb_row column_structure=\u00bb1_3,2_3&#8243; _builder_version=\u00bb3.25&#8243;][et_pb_column type=\u00bb1_3&#8243; _builder_version=\u00bb3.25&#8243; custom_padding=\u00bb|||\u00bb custom_padding__hover=\u00bb|||\u00bb][\/et_pb_column][et_pb_column type=\u00bb2_3&#8243; _builder_version=\u00bb3.25&#8243; custom_padding=\u00bb|||\u00bb custom_padding__hover=\u00bb|||\u00bb][\/et_pb_column][\/et_pb_row][\/et_pb_section][et_pb_section fb_built=\u00bb1&#8243; _builder_version=\u00bb3.22&#8243; background_color=\u00bb#0076c0&#8243; custom_padding=\u00bb0|0px|54px|0px|false|false\u00bb][et_pb_row _builder_version=\u00bb3.25&#8243; custom_padding=\u00bb53px|0px|6px|0px|false|false\u00bb][et_pb_column type=\u00bb4_4&#8243; _builder_version=\u00bb3.25&#8243; custom_padding=\u00bb|||\u00bb custom_padding__hover=\u00bb|||\u00bb][et_pb_text _builder_version=\u00bb3.27.4&#8243; text_font=\u00bbPoppins||||||||\u00bb text_text_color=\u00bb#ffffff\u00bb text_font_size=\u00bb17px\u00bb] Este importante evento es el primero que se organiza en el tema de Finanzas Clim\u00e1ticas en Ecuador y es especialmente relevante porque busca\u00a0sensibilizar a [&hellip;]","og_url":"https:\/\/www.bancodesarrollo.fin.ec\/index.php\/finanzas-climaticas\/","og_site_name":"Banco Desarrollo de los Pueblos","article_modified_time":"2019-11-28T16:45:43+00:00","twitter_card":"summary_large_image","twitter_misc":{"Tiempo de lectura":"6 minutos"},"schema":{"@context":"https:\/\/schema.org","@graph":[{"@type":"WebPage","@id":"https:\/\/www.bancodesarrollo.fin.ec\/index.php\/finanzas-climaticas\/","url":"https:\/\/www.bancodesarrollo.fin.ec\/index.php\/finanzas-climaticas\/","name":"Finanzas Clim\u00e1ticas - Banco Desarrollo de los Pueblos","isPartOf":{"@id":"https:\/\/www.bancodesarrollo.fin.ec\/#website"},"datePublished":"2018-11-26T15:17:53+00:00","dateModified":"2019-11-28T16:45:43+00:00","breadcrumb":{"@id":"https:\/\/www.bancodesarrollo.fin.ec\/index.php\/finanzas-climaticas\/#breadcrumb"},"inLanguage":"es","potentialAction":[{"@type":"ReadAction","target":["https:\/\/www.bancodesarrollo.fin.ec\/index.php\/finanzas-climaticas\/"]}]},{"@type":"BreadcrumbList","@id":"https:\/\/www.bancodesarrollo.fin.ec\/index.php\/finanzas-climaticas\/#breadcrumb","itemListElement":[{"@type":"ListItem","position":1,"name":"Portada","item":"https:\/\/www.bancodesarrollo.fin.ec\/"},{"@type":"ListItem","position":2,"name":"Finanzas Clim\u00e1ticas"}]},{"@type":"WebSite","@id":"https:\/\/www.bancodesarrollo.fin.ec\/#website","url":"https:\/\/www.bancodesarrollo.fin.ec\/","name":"Banco Desarrollo de los Pueblos","description":"CODESA","potentialAction":[{"@type":"SearchAction","target":{"@type":"EntryPoint","urlTemplate":"https:\/\/www.bancodesarrollo.fin.ec\/?s={search_term_string}"},"query-input":{"@type":"PropertyValueSpecification","valueRequired":true,"valueName":"search_term_string"}}],"inLanguage":"es"}]}},"_links":{"self":[{"href":"https:\/\/www.bancodesarrollo.fin.ec\/index.php\/wp-json\/wp\/v2\/pages\/186","targetHints":{"allow":["GET"]}}],"collection":[{"href":"https:\/\/www.bancodesarrollo.fin.ec\/index.php\/wp-json\/wp\/v2\/pages"}],"about":[{"href":"https:\/\/www.bancodesarrollo.fin.ec\/index.php\/wp-json\/wp\/v2\/types\/page"}],"author":[{"embeddable":true,"href":"https:\/\/www.bancodesarrollo.fin.ec\/index.php\/wp-json\/wp\/v2\/users\/1"}],"replies":[{"embeddable":true,"href":"https:\/\/www.bancodesarrollo.fin.ec\/index.php\/wp-json\/wp\/v2\/comments?post=186"}],"version-history":[{"count":8,"href":"https:\/\/www.bancodesarrollo.fin.ec\/index.php\/wp-json\/wp\/v2\/pages\/186\/revisions"}],"predecessor-version":[{"id":6136,"href":"https:\/\/www.bancodesarrollo.fin.ec\/index.php\/wp-json\/wp\/v2\/pages\/186\/revisions\/6136"}],"wp:attachment":[{"href":"https:\/\/www.bancodesarrollo.fin.ec\/index.php\/wp-json\/wp\/v2\/media?parent=186"}],"curies":[{"name":"wp","href":"https:\/\/api.w.org\/{rel}","templated":true}]}}